{"id":8116,"date":"2019-07-30T10:18:28","date_gmt":"2019-07-30T13:18:28","guid":{"rendered":"https:\/\/patagonia.gob.ar\/wp2025\/organiza-tu-viaje\/"},"modified":"2025-09-09T16:01:40","modified_gmt":"2025-09-09T19:01:40","slug":"organize-sua-viagem","status":"publish","type":"page","link":"https:\/\/patagonia.gob.ar\/pt-br\/organize-sua-viagem\/","title":{"rendered":"Organize sua viagem"},"content":{"rendered":"\r\n<section class=\"py-5\">\r\n<div class=\"container-xl mb-5\">\r\n<div class=\"row mb-5\">\r\n<div class=\"col-12 col-lg-8 text-center mx-auto\">\r\n<h1 class=\"font-serif text-primary fw-bold mb-3\">Organize sua viagem<\/h1>\r\n<p class=\"lead\">A Patag\u00f4nia convida voc\u00ea a vivenciar e desfrutar de experi\u00eancias \u00fanicas e inesquec\u00edveis em um cen\u00e1rio de sonho com paisagens incompar\u00e1veis.<\/p>\r\n<\/div>\r\n<\/div>\r\n<\/div>\r\n<div class=\"container-xl\">\r\n        <div class=\"row g-4\">\r\n            <div class=\"col-12 col-sm-6 col-lg-4\">\r\n\t<a href=\"https:\/\/patagonia.gob.ar\/pt-br\/organice-su-viaje\/como-chegar-la\/\">\r\n\t\t<div class=\"rounded-4 ratio ratio-1x1 \" style=\"background-color:#fafafa;background-image:url('https:\/\/patagonia.gob.ar\/wp2025\/wp-content\/uploads\/2019\/10\/DSC04512-BAJA-e1743301854449.jpg');background-position: center;background-size: cover;\">\r\n\t\t\t<div class=\"text-light p-4 d-flex flex-column justify-content-end\">\r\n\t\t\t\t<h5 class=\"h3 lh-1 mb-1 fw-bold\" style=\"text-shadow: 1px 2px 6px rgba(0,0,0,0.29);\">Como chegar l\u00e1<\/h5>\r\n\t\t\t\t\r\n\t\t\t<\/div>\r\n\t\t<\/div>\r\n\t<\/a>\t\r\n<\/div><div class=\"col-12 col-sm-6 col-lg-4\">\r\n\t<a href=\"https:\/\/patagonia.gob.ar\/pt-br\/organice-su-viaje\/acomodacoes-e-servicos\/\">\r\n\t\t<div class=\"rounded-4 ratio ratio-1x1 \" style=\"background-color:#fafafa;background-image:url('https:\/\/patagonia.gob.ar\/wp2025\/wp-content\/uploads\/2019\/10\/Alojamiento-y-servicios-1.jpg');background-position: center;background-size: cover;\">\r\n\t\t\t<div class=\"text-light p-4 d-flex flex-column justify-content-end\">\r\n\t\t\t\t<h5 class=\"h3 lh-1 mb-1 fw-bold\" style=\"text-shadow: 1px 2px 6px rgba(0,0,0,0.29);\">Acomoda\u00e7\u00f5es e Servi\u00e7os<\/h5>\r\n\t\t\t\t\r\n\t\t\t<\/div>\r\n\t\t<\/div>\r\n\t<\/a>\t\r\n<\/div><div class=\"col-12 col-sm-6 col-lg-4\">\r\n\t<a href=\"https:\/\/patagonia.gob.ar\/pt-br\/organice-su-viaje\/clima\/\">\r\n\t\t<div class=\"rounded-4 ratio ratio-1x1 \" style=\"background-color:#fafafa;background-image:url('https:\/\/patagonia.gob.ar\/wp2025\/wp-content\/uploads\/2019\/10\/CLIMAPaque-Nacional-TDF-_Rogelio-Espinosa-8482.jpg');background-position: center;background-size: cover;\">\r\n\t\t\t<div class=\"text-light p-4 d-flex flex-column justify-content-end\">\r\n\t\t\t\t<h5 class=\"h3 lh-1 mb-1 fw-bold\" style=\"text-shadow: 1px 2px 6px rgba(0,0,0,0.29);\">Clima<\/h5>\r\n\t\t\t\t\r\n\t\t\t<\/div>\r\n\t\t<\/div>\r\n\t<\/a>\t\r\n<\/div><div class=\"col-12 col-sm-6 col-lg-4\">\r\n\t<a href=\"https:\/\/patagonia.gob.ar\/pt-br\/organice-su-viaje\/estado-das-estradas-e-rodovias\/\">\r\n\t\t<div class=\"rounded-4 ratio ratio-1x1 \" style=\"background-color:#fafafa;background-image:url('https:\/\/patagonia.gob.ar\/wp2025\/wp-content\/uploads\/2019\/10\/3.-Estado-de-rutas-y-caminos-scaled.jpg');background-position: center;background-size: cover;\">\r\n\t\t\t<div class=\"text-light p-4 d-flex flex-column justify-content-end\">\r\n\t\t\t\t<h5 class=\"h3 lh-1 mb-1 fw-bold\" style=\"text-shadow: 1px 2px 6px rgba(0,0,0,0.29);\">Estado das Estradas e Rodovias<\/h5>\r\n\t\t\t\t\r\n\t\t\t<\/div>\r\n\t\t<\/div>\r\n\t<\/a>\t\r\n<\/div><div class=\"col-12 col-sm-6 col-lg-4\">\r\n\t<a href=\"https:\/\/patagonia.gob.ar\/pt-br\/organice-su-viaje\/calendario-de-festas-e-eventos\/\">\r\n\t\t<div class=\"rounded-4 ratio ratio-1x1 \" style=\"background-color:#fafafa;background-image:url('https:\/\/patagonia.gob.ar\/wp2025\/wp-content\/uploads\/2019\/12\/010-scaled.jpg');background-position: center;background-size: cover;\">\r\n\t\t\t<div class=\"text-light p-4 d-flex flex-column justify-content-end\">\r\n\t\t\t\t<h5 class=\"h3 lh-1 mb-1 fw-bold\" style=\"text-shadow: 1px 2px 6px rgba(0,0,0,0.29);\">Calend\u00e1rio de Festas e Eventos<\/h5>\r\n\t\t\t\t\r\n\t\t\t<\/div>\r\n\t\t<\/div>\r\n\t<\/a>\t\r\n<\/div><div class=\"col-12 col-sm-6 col-lg-4\">\r\n\t<a href=\"https:\/\/patagonia.gob.ar\/pt-br\/organice-su-viaje\/entrada-para-parques-nacionais\/\">\r\n\t\t<div class=\"rounded-4 ratio ratio-1x1 \" style=\"background-color:#fafafa;background-image:url('https:\/\/patagonia.gob.ar\/wp2025\/wp-content\/uploads\/2019\/10\/4.-Ingreso-a-PN-1.jpg');background-position: center;background-size: cover;\">\r\n\t\t\t<div class=\"text-light p-4 d-flex flex-column justify-content-end\">\r\n\t\t\t\t<h5 class=\"h3 lh-1 mb-1 fw-bold\" style=\"text-shadow: 1px 2px 6px rgba(0,0,0,0.29);\">Entrada para Parques Nacionais<\/h5>\r\n\t\t\t\t\r\n\t\t\t<\/div>\r\n\t\t<\/div>\r\n\t<\/a>\t\r\n<\/div>\r\n        <\/div>\r\n    <\/div>\r\n<\/section>\r\n","protected":false},"excerpt":{"rendered":"<p>Organize sua viagem A Patag\u00f4nia convida voc\u00ea a vivenciar e desfrutar de experi\u00eancias \u00fanicas e inesquec\u00edveis em um cen\u00e1rio de sonho com paisagens incompar\u00e1veis. [&#8230;]<\/p>\n<p><a class=\"btn btn-secondary understrap-read-more-link\" href=\"https:\/\/patagonia.gob.ar\/pt-br\/organize-sua-viagem\/\">Read More&#8230;<\/a><\/p>\n","protected":false},"author":1,"featured_media":4553,"parent":0,"menu_order":4,"comment_status":"closed","ping_status":"closed","template":"page-templates\/empty-page.php","meta":{"footnotes":""},"class_list":["post-8116","page","type-page","status-publish","has-post-thumbnail","hentry"],"_links":{"self":[{"href":"https:\/\/patagonia.gob.ar\/pt-br\/wp-json\/wp\/v2\/pages\/8116","targetHints":{"allow":["GET"]}}],"collection":[{"href":"https:\/\/patagonia.gob.ar\/pt-br\/wp-json\/wp\/v2\/pages"}],"about":[{"href":"https:\/\/patagonia.gob.ar\/pt-br\/wp-json\/wp\/v2\/types\/page"}],"author":[{"embeddable":true,"href":"https:\/\/patagonia.gob.ar\/pt-br\/wp-json\/wp\/v2\/users\/1"}],"replies":[{"embeddable":true,"href":"https:\/\/patagonia.gob.ar\/pt-br\/wp-json\/wp\/v2\/comments?post=8116"}],"version-history":[{"count":3,"href":"https:\/\/patagonia.gob.ar\/pt-br\/wp-json\/wp\/v2\/pages\/8116\/revisions"}],"predecessor-version":[{"id":8609,"href":"https:\/\/patagonia.gob.ar\/pt-br\/wp-json\/wp\/v2\/pages\/8116\/revisions\/8609"}],"wp:featuredmedia":[{"embeddable":true,"href":"https:\/\/patagonia.gob.ar\/pt-br\/wp-json\/wp\/v2\/media\/4553"}],"wp:attachment":[{"href":"https:\/\/patagonia.gob.ar\/pt-br\/wp-json\/wp\/v2\/media?parent=8116"}],"curies":[{"name":"wp","href":"https:\/\/api.w.org\/{rel}","templated":true}]}}